{"id":93184,"date":"2021-04-25T20:21:20","date_gmt":"2021-04-25T20:21:20","guid":{"rendered":"https:\/\/k16trade.ch\/products\/raw-coffee-colombia\/"},"modified":"2026-03-29T09:55:14","modified_gmt":"2026-03-29T09:55:14","slug":"colombie-cafe-vert","status":"publish","type":"portfolio","link":"https:\/\/k16trade.ch\/fr\/products\/colombie-cafe-vert\/","title":{"rendered":"Caf\u00e9 vert de Colombie"},"content":{"rendered":"<div class=\"wpb-content-wrapper\"><p>[vc_row row_height_percent=\u00a0\u00bb50&Prime; override_padding=\u00a0\u00bbyes\u00a0\u00bb h_padding=\u00a0\u00bb2&Prime; top_padding=\u00a0\u00bb4&Prime; bottom_padding=\u00a0\u00bb3&Prime; overlay_alpha=\u00a0\u00bb50&Prime; gutter_size=\u00a0\u00bb3&Prime; column_width_percent=\u00a0\u00bb100&Prime; shift_y=\u00a0\u00bb0&Prime; z_index=\u00a0\u00bb0&Prime;][vc_column column_width_use_pixel=\u00a0\u00bbyes\u00a0\u00bb position_vertical=\u00a0\u00bbmiddle\u00a0\u00bb align_horizontal=\u00a0\u00bbalign_center\u00a0\u00bb gutter_size=\u00a0\u00bb3&Prime; overlay_alpha=\u00a0\u00bb50&Prime; shift_x=\u00a0\u00bb0&Prime; shift_y=\u00a0\u00bb0&Prime; shift_y_down=\u00a0\u00bb0&Prime; z_index=\u00a0\u00bb0&Prime; medium_width=\u00a0\u00bb0&Prime; mobile_width=\u00a0\u00bb0&Prime; width=\u00a0\u00bb1\/1&Prime; column_width_pixel=\u00a0\u00bb900&Prime;][vc_custom_heading text_color=\u00a0\u00bbaccent\u00a0\u00bb heading_semantic=\u00a0\u00bbh6&Prime; text_font=\u00a0\u00bbfont-126192&Prime; text_size=\u00a0\u00bbfontsize-160000&Prime; text_transform=\u00a0\u00bbuppercase\u00a0\u00bb text_space=\u00a0\u00bbfontspace-135905&Prime; uncode_shortcode_id=\u00a0\u00bb174774&Prime; text_color_type=\u00a0\u00bbuncode-palette\u00a0\u00bb]<\/p>\n<h1 style=\"text-align: center;\"><span style=\"color: #008000;\">Caf\u00e9 vert de Colombie<\/span><\/h1>\n<p>[\/vc_custom_heading][vc_column_text uncode_shortcode_id=\u00a0\u00bb398077&Prime;]<\/p>\n<h4 style=\"text-align: center;\" data-start=\"0\" data-end=\"165\">Le caf\u00e9 de Colombie fait partie des caf\u00e9s les plus renomm\u00e9s et les plus appr\u00e9ci\u00e9s au monde, reconnu pour sa qualit\u00e9 constante et son profil parfaitement \u00e9quilibr\u00e9.<\/h4>\n<h4 style=\"text-align: center;\" data-start=\"167\" data-end=\"306\">Il est presque exclusivement compos\u00e9 d\u2019Arabica, cultiv\u00e9 dans des r\u00e9gions montagneuses id\u00e9ales qui contribuent \u00e0 son caract\u00e8re distinctif.<\/h4>\n<h4 style=\"text-align: center;\" data-start=\"308\" data-end=\"651\">En tasse, il pr\u00e9sente g\u00e9n\u00e9ralement un corps moyen \u00e0 plein, une acidit\u00e9 vive et bien structur\u00e9e, ainsi qu\u2019un ar\u00f4me riche et expressif. Le profil aromatique est doux et \u00e9quilibr\u00e9, avec des notes de caramel, de chocolat, de fruits secs et de subtiles touches fruit\u00e9es, ce qui en fait un caf\u00e9 classique et polyvalent appr\u00e9ci\u00e9 dans le monde entier.<\/h4>\n<h4 data-start=\"334\" data-end=\"631\">.<\/h4>\n<p>[\/vc_column_text][vc_separator sep_color=\u00a0\u00bb\u00a0\u00bb uncode_shortcode_id=\u00a0\u00bb778247&Prime;][\/vc_column][\/vc_row][vc_row row_height_percent=\u00a0\u00bb0&Prime; override_padding=\u00a0\u00bbyes\u00a0\u00bb h_padding=\u00a0\u00bb2&Prime; top_padding=\u00a0\u00bb2&Prime; bottom_padding=\u00a0\u00bb4&Prime; overlay_alpha=\u00a0\u00bb50&Prime; gutter_size=\u00a0\u00bb3&Prime; column_width_percent=\u00a0\u00bb100&Prime; shift_y=\u00a0\u00bb0&Prime; z_index=\u00a0\u00bb0&Prime;][vc_column][vc_column_text uncode_shortcode_id=\u00a0\u00bb201861&Prime;]<\/p>\n<h2 style=\"text-align: center;\" data-start=\"0\" data-end=\"341\"><span style=\"color: #800000;\">COLOMBIA EXCELSO<\/span><\/h2>\n<h4 style=\"text-align: center;\" data-start=\"0\" data-end=\"89\">Un caf\u00e9 colombien au corps plein et \u00e0 l\u2019acidit\u00e9 marqu\u00e9e, typique des caf\u00e9s de Colombie.<\/h4>\n<h4 style=\"text-align: center;\" data-start=\"91\" data-end=\"337\">Par rapport au Supremo, il pr\u00e9sente un crible plus petit en raison d\u2019une proportion plus \u00e9lev\u00e9e de grains de petite taille, ce qui donne une tasse bien \u00e9quilibr\u00e9e et polyvalente, avec des notes classiques de caramel, de cacao et de fruits l\u00e9gers.<\/h4>\n<p>&nbsp;<\/p>\n<p data-start=\"343\" data-end=\"672\" data-is-last-node=\"\" data-is-only-node=\"\"><strong data-start=\"343\" data-end=\"366\"><img decoding=\"async\" class=\"size-medium wp-image-93121 aligncenter\" src=\"https:\/\/k16trade.ch\/wp-content\/uploads\/2021\/04\/chicchi-1-1-300x123.jpg\" alt=\"\" width=\"300\" height=\"123\" srcset=\"https:\/\/k16trade.ch\/wp-content\/uploads\/2021\/04\/chicchi-1-1-300x123.jpg 300w, https:\/\/k16trade.ch\/wp-content\/uploads\/2021\/04\/chicchi-1-1-350x144.jpg 350w, https:\/\/k16trade.ch\/wp-content\/uploads\/2021\/04\/chicchi-1-1.jpg 562w\" sizes=\"(max-width: 300px) 100vw, 300px\" \/><\/strong><\/p>\n<h2 style=\"text-align: center;\" data-start=\"343\" data-end=\"672\"><span style=\"color: #800000;\">COLOMBIA SUPREMO 18<\/span><\/h2>\n<h4 style=\"text-align: center;\" data-start=\"0\" data-end=\"109\">Un caf\u00e9 colombien de haute qualit\u00e9, avec un corps plein et l\u2019acidit\u00e9 vive caract\u00e9ristique de cette origine.<\/h4>\n<h4 style=\"text-align: center;\" data-start=\"111\" data-end=\"345\">Cette s\u00e9lection de crible 18 indique des grains plus grands et plus uniformes. Elle offre une tasse riche et propre, avec des ar\u00f4mes bien d\u00e9finis, souvent marqu\u00e9s par des notes de chocolat, de fruits secs et une l\u00e9g\u00e8re touche fruit\u00e9e.<\/h4>\n<p>&nbsp;<\/p>\n<p>[\/vc_column_text][\/vc_column][\/vc_row][vc_row][vc_column width=\u00a0\u00bb1\/1&Prime;][vc_custom_heading uncode_shortcode_id=\u00a0\u00bb189950&Prime;]<\/p>\n<h2><span style=\"color: #008000;\">Demande de cotation de caf\u00e9 vert<\/span><\/h2>\n<p>[\/vc_custom_heading][\/vc_column][\/vc_row][vc_row][vc_column width=\u00a0\u00bb1\/1&Prime;]\n<div class=\"wpcf7 no-js\" id=\"wpcf7-f93167-o1\" lang=\"fr-FR\" dir=\"ltr\" data-wpcf7-id=\"93167\">\n<div class=\"screen-reader-response\"><p role=\"status\" aria-live=\"polite\" aria-atomic=\"true\"><\/p> <ul><\/ul><\/div>\n<form action=\"\/fr\/wp-json\/wp\/v2\/portfolio\/93184#wpcf7-f93167-o1\" method=\"post\" class=\"wpcf7-form init\" aria-label=\"Formulaire de contact\" novalidate=\"novalidate\" data-status=\"init\">\n<fieldset class=\"hidden-fields-container\"><input type=\"hidden\" name=\"_wpcf7\" value=\"93167\" \/><input type=\"hidden\" name=\"_wpcf7_version\" value=\"6.1.5\" \/><input type=\"hidden\" name=\"_wpcf7_locale\" value=\"fr_FR\" \/><input type=\"hidden\" name=\"_wpcf7_unit_tag\" value=\"wpcf7-f93167-o1\" \/><input type=\"hidden\" name=\"_wpcf7_container_post\" value=\"0\" \/><input type=\"hidden\" name=\"_wpcf7_posted_data_hash\" value=\"\" \/>\n<\/fieldset>\n<p><span id=\"wpcf7-69eeb41c77970-wrapper\" class=\"wpcf7-form-control-wrap honeypot-409-wrap\" style=\"display:none !important; visibility:hidden !important;\"><label for=\"wpcf7-69eeb41c77970-field\" class=\"hp-message\">Veuillez laisser ce champ vide.<\/label><input id=\"wpcf7-69eeb41c77970-field\"  class=\"wpcf7-form-control wpcf7-text\" type=\"text\" name=\"honeypot-409\" value=\"\" size=\"40\" tabindex=\"-1\" autocomplete=\"new-password\" \/><\/span>\n<\/p>\n<p><span class=\"wpcf7-form-control-wrap\" data-name=\"your-fullname\"><input size=\"40\" maxlength=\"400\" class=\"wpcf7-form-control wpcf7-text wpcf7-validates-as-required form-fluid form-xl\" aria-required=\"true\" aria-invalid=\"false\" placeholder=\"Personne de contact \/ Nom de l\u2019entreprise\" value=\"\" type=\"text\" name=\"your-fullname\" \/><\/span>\n<\/p>\n<div class=\"wpcf7-inline-wrapper\">\n\t<p class=\"wpcf7-inline-field\"><span class=\"wpcf7-form-control-wrap\" data-name=\"your-email\"><input size=\"40\" maxlength=\"400\" class=\"wpcf7-form-control wpcf7-email wpcf7-validates-as-required wpcf7-text wpcf7-validates-as-email form-xl\" aria-required=\"true\" aria-invalid=\"false\" placeholder=\"Email professionnel\" value=\"\" type=\"email\" name=\"your-email\" \/><\/span>\n\t<\/p>\n\t<p class=\"wpcf7-inline-field\"><span class=\"wpcf7-form-control-wrap\" data-name=\"your-telephone\"><input size=\"40\" maxlength=\"400\" class=\"wpcf7-form-control wpcf7-text wpcf7-validates-as-required form-fluid form-xl\" aria-required=\"true\" aria-invalid=\"false\" placeholder=\"T\u00e9l\u00e9phone \/ Ligne directe\" value=\"\" type=\"text\" name=\"your-telephone\" \/><\/span>\n\t<\/p>\n<\/div>\n<p><span class=\"wpcf7-form-control-wrap\" data-name=\"your-company\"><input size=\"40\" maxlength=\"400\" class=\"wpcf7-form-control wpcf7-text form-xl\" aria-invalid=\"false\" placeholder=\"Entreprise \/ Torr\u00e9facteur\" value=\"\" type=\"text\" name=\"your-company\" \/><\/span>\n<\/p>\n<div class=\"wpcf7-inline-wrapper\">\n\t<p class=\"wpcf7-inline-field\"><span class=\"wpcf7-form-control-wrap\" data-name=\"your-origin\"><input size=\"40\" maxlength=\"400\" class=\"wpcf7-form-control wpcf7-text form-xl\" aria-invalid=\"false\" placeholder=\"Origine du caf\u00e9 (ex. Vietnam, Br\u00e9sil, \u00c9thiopie)\" value=\"\" type=\"text\" name=\"your-origin\" \/><\/span>\n\t<\/p>\n\t<p class=\"wpcf7-inline-field\"><span class=\"wpcf7-form-control-wrap\" data-name=\"your-volume\"><input size=\"40\" maxlength=\"400\" class=\"wpcf7-form-control wpcf7-text form-fluid form-xl\" aria-invalid=\"false\" placeholder=\"Volume estim\u00e9 (kg \/ mois)\" value=\"\" type=\"text\" name=\"your-volume\" \/><\/span>\n\t<\/p>\n<\/div>\n<p><span class=\"wpcf7-form-control-wrap\" data-name=\"your-message\"><textarea cols=\"40\" rows=\"8\" maxlength=\"2000\" class=\"wpcf7-form-control wpcf7-textarea form-xl\" aria-invalid=\"false\" placeholder=\"Veuillez pr\u00e9ciser la qualit\u00e9, le calibre, le proc\u00e9d\u00e9 (Naturel \/ WP), port de destination ou besoins de m\u00e9lange...\" name=\"your-message\"><\/textarea><\/span>\n<\/p>\n<hr \/>\n<p class=\"form-note\"> \u2714 Approvisionnement direct en caf\u00e9 vert \u2714 Lots de qualit\u00e9 export \u2714 R\u00e9ponse rapide sous 24h\n<\/p>\n<p class=\"form-privacy\"><span class=\"wpcf7-form-control-wrap\" data-name=\"acceptance-666\"><span class=\"wpcf7-form-control wpcf7-acceptance\"><span class=\"wpcf7-list-item\"><label><input type=\"checkbox\" name=\"acceptance-666\" value=\"1\" aria-invalid=\"false\" \/><span class=\"wpcf7-list-item-label\">Je confirme avoir lu et accept\u00e9 la politique de confidentialit\u00e9 et j\u2019accepte d\u2019\u00eatre contact\u00e9 concernant ma demande.<\/span><\/label><\/span><\/span><\/span>\n<\/p>\n<hr \/>\n<p><input class=\"wpcf7-form-control wpcf7-submit has-spinner btn form-xl btn-accent btn-fluid\" type=\"submit\" value=\"DEMANDER UNE OFFRE\" \/>\n<\/p><div class=\"wpcf7-response-output\" aria-hidden=\"true\"><\/div>\n<\/form>\n<\/div>\n[\/vc_column][\/vc_row]<\/p>\n<\/div>","protected":false},"excerpt":{"rendered":"<p>Le caf\u00e9 a \u00e9t\u00e9 introduit en Colombie par les J\u00e9suites en 1723 et le pays est aujourd\u2019hui le troisi\u00e8me plus grand producteur de caf\u00e9 au monde.<br \/>\nTout le caf\u00e9 cultiv\u00e9 dans le pays est de vari\u00e9t\u00e9 Arabica.<\/p>\n","protected":false},"author":2,"featured_media":83095,"parent":0,"menu_order":0,"comment_status":"closed","ping_status":"closed","template":"","meta":{"_uag_custom_page_level_css":"","footnotes":""},"portfolio_category":[84],"class_list":["post-93184","portfolio","type-portfolio","status-publish","has-post-thumbnail","hentry","portfolio_category-type-of-raw-coffee-fr"],"uagb_featured_image_src":{"full":["https:\/\/k16trade.ch\/wp-content\/uploads\/2021\/05\/colombia-plantation.jpg",1920,1280,false],"thumbnail":["https:\/\/k16trade.ch\/wp-content\/uploads\/2021\/05\/colombia-plantation-150x150.jpg",150,150,true],"medium":["https:\/\/k16trade.ch\/wp-content\/uploads\/2021\/05\/colombia-plantation-300x200.jpg",300,200,true],"medium_large":["https:\/\/k16trade.ch\/wp-content\/uploads\/2021\/05\/colombia-plantation-768x512.jpg",768,512,true],"large":["https:\/\/k16trade.ch\/wp-content\/uploads\/2021\/05\/colombia-plantation-1024x683.jpg",840,560,true],"1536x1536":["https:\/\/k16trade.ch\/wp-content\/uploads\/2021\/05\/colombia-plantation-1536x1024.jpg",1536,1024,true],"2048x2048":["https:\/\/k16trade.ch\/wp-content\/uploads\/2021\/05\/colombia-plantation.jpg",1920,1280,false],"uncode_woocommerce_nav_thumbnail_regular":["https:\/\/k16trade.ch\/wp-content\/uploads\/2021\/05\/colombia-plantation.jpg",350,233,false],"uncode_woocommerce_nav_thumbnail_crop":["https:\/\/k16trade.ch\/wp-content\/uploads\/2021\/05\/colombia-plantation.jpg",348,232,false],"woocommerce_thumbnail":["https:\/\/k16trade.ch\/wp-content\/uploads\/2021\/05\/colombia-plantation-300x300.jpg",300,300,true],"woocommerce_single":["https:\/\/k16trade.ch\/wp-content\/uploads\/2021\/05\/colombia-plantation-600x400.jpg",600,400,true],"woocommerce_gallery_thumbnail":["https:\/\/k16trade.ch\/wp-content\/uploads\/2021\/05\/colombia-plantation-100x100.jpg",100,100,true]},"uagb_author_info":{"display_name":"Christina","author_link":"https:\/\/k16trade.ch\/fr\/author\/chris-bodrato\/"},"uagb_comment_info":0,"uagb_excerpt":"Le caf\u00e9 a \u00e9t\u00e9 introduit en Colombie par les J\u00e9suites en 1723 et le pays est aujourd\u2019hui le troisi\u00e8me plus grand producteur de caf\u00e9 au monde. Tout le caf\u00e9 cultiv\u00e9 dans le pays est de vari\u00e9t\u00e9 Arabica.","_links":{"self":[{"href":"https:\/\/k16trade.ch\/fr\/wp-json\/wp\/v2\/portfolio\/93184","targetHints":{"allow":["GET"]}}],"collection":[{"href":"https:\/\/k16trade.ch\/fr\/wp-json\/wp\/v2\/portfolio"}],"about":[{"href":"https:\/\/k16trade.ch\/fr\/wp-json\/wp\/v2\/types\/portfolio"}],"author":[{"embeddable":true,"href":"https:\/\/k16trade.ch\/fr\/wp-json\/wp\/v2\/users\/2"}],"replies":[{"embeddable":true,"href":"https:\/\/k16trade.ch\/fr\/wp-json\/wp\/v2\/comments?post=93184"}],"version-history":[{"count":2,"href":"https:\/\/k16trade.ch\/fr\/wp-json\/wp\/v2\/portfolio\/93184\/revisions"}],"predecessor-version":[{"id":93185,"href":"https:\/\/k16trade.ch\/fr\/wp-json\/wp\/v2\/portfolio\/93184\/revisions\/93185"}],"wp:featuredmedia":[{"embeddable":true,"href":"https:\/\/k16trade.ch\/fr\/wp-json\/wp\/v2\/media\/83095"}],"wp:attachment":[{"href":"https:\/\/k16trade.ch\/fr\/wp-json\/wp\/v2\/media?parent=93184"}],"wp:term":[{"taxonomy":"portfolio_category","embeddable":true,"href":"https:\/\/k16trade.ch\/fr\/wp-json\/wp\/v2\/portfolio_category?post=93184"}],"curies":[{"name":"wp","href":"https:\/\/api.w.org\/{rel}","templated":true}]}}