{"id":83614,"date":"2021-04-25T18:27:26","date_gmt":"2021-04-25T18:27:26","guid":{"rendered":"https:\/\/k16trade.ch\/products\/raw-coffee-costarica\/"},"modified":"2026-03-30T11:11:37","modified_gmt":"2026-03-30T11:11:37","slug":"caffe-crudo-costarica","status":"publish","type":"portfolio","link":"https:\/\/k16trade.ch\/it\/products\/caffe-crudo-costarica\/","title":{"rendered":"CAFF\u00c8 CRUDO COSTARICA"},"content":{"rendered":"<div class=\"wpb-content-wrapper\"><p>[vc_row row_height_percent=&#8221;50&#8243; override_padding=&#8221;yes&#8221; h_padding=&#8221;2&#8243; top_padding=&#8221;4&#8243; bottom_padding=&#8221;3&#8243; overlay_alpha=&#8221;50&#8243; gutter_size=&#8221;3&#8243; column_width_percent=&#8221;100&#8243; shift_y=&#8221;0&#8243; z_index=&#8221;0&#8243;][vc_column column_width_use_pixel=&#8221;yes&#8221; position_vertical=&#8221;middle&#8221; align_horizontal=&#8221;align_center&#8221; gutter_size=&#8221;3&#8243; overlay_alpha=&#8221;50&#8243; shift_x=&#8221;0&#8243; shift_y=&#8221;0&#8243; shift_y_down=&#8221;0&#8243; z_index=&#8221;0&#8243; medium_width=&#8221;0&#8243; mobile_width=&#8221;0&#8243; width=&#8221;1\/1&#8243; column_width_pixel=&#8221;900&#8243;][vc_custom_heading text_color=&#8221;accent&#8221; heading_semantic=&#8221;h6&#8243; text_font=&#8221;font-126192&#8243; text_size=&#8221;fontsize-160000&#8243; text_transform=&#8221;uppercase&#8221; text_space=&#8221;fontspace-135905&#8243; uncode_shortcode_id=&#8221;210430&#8243; text_color_type=&#8221;uncode-palette&#8221;]<\/p>\n<h1 style=\"text-align: center;\"><span style=\"color: #008000;\">Caff\u00e8 Grezzo Costarica<\/span><\/h1>\n<p>[\/vc_custom_heading][vc_column_text uncode_shortcode_id=&#8221;204378&#8243;]<\/p>\n<h4>Il caff\u00e8 proveniente dal Costa Rica \u00e8 considerato uno dei migliori dell\u2019America Centrale.<\/h4>\n<h4>Viene coltivato principalmente ad alte altitudini ed \u00e8 quasi esclusivamente composto da variet\u00e0 Arabica, che contribuiscono a una tazza pulita, brillante e altamente aromatica.<\/h4>\n<h4>In generale, presenta una dolcezza naturale, un\u2019acidit\u00e0 vivace e ben definita, e un corpo medio.<\/h4>\n<h4>Il profilo aromatico \u00e8 elegante ed equilibrato, con note che spaziano dal fruttato al floreale, fino a sentori di miele, agrumi e cioccolato.<\/h4>\n<p>[\/vc_column_text][vc_separator sep_color=&#8221;&#8221; uncode_shortcode_id=&#8221;876349&#8243;][\/vc_column][\/vc_row][vc_row row_height_percent=&#8221;0&#8243; override_padding=&#8221;yes&#8221; h_padding=&#8221;2&#8243; top_padding=&#8221;2&#8243; bottom_padding=&#8221;4&#8243; overlay_alpha=&#8221;50&#8243; gutter_size=&#8221;3&#8243; column_width_percent=&#8221;100&#8243; shift_y=&#8221;0&#8243; z_index=&#8221;0&#8243;][vc_column][vc_column_text uncode_shortcode_id=&#8221;409920&#8243;]<\/p>\n<h2 style=\"text-align: center;\" data-start=\"52\" data-end=\"198\"><span style=\"color: #800000;\">COSTARICA HTM TOURNON<\/span><\/h2>\n<h4 style=\"text-align: center;\" data-start=\"52\" data-end=\"198\">Caff\u00e8 dal gusto dolce e dall\u2019aroma fine e delicato, caratterizzato da un\u2019acidit\u00e0 vivace e da un corpo ben strutturato.<\/h4>\n<h2 style=\"text-align: center;\" data-start=\"200\" data-end=\"328\"><strong data-start=\"200\" data-end=\"226\"><img decoding=\"async\" class=\"size-medium wp-image-93124 aligncenter\" src=\"https:\/\/k16trade.ch\/wp-content\/uploads\/2021\/04\/chicchi-1-1-300x123.jpg\" alt=\"\" width=\"300\" height=\"123\" srcset=\"https:\/\/k16trade.ch\/wp-content\/uploads\/2021\/04\/chicchi-1-1-300x123.jpg 300w, https:\/\/k16trade.ch\/wp-content\/uploads\/2021\/04\/chicchi-1-1-350x144.jpg 350w, https:\/\/k16trade.ch\/wp-content\/uploads\/2021\/04\/chicchi-1-1.jpg 562w\" sizes=\"(max-width: 300px) 100vw, 300px\" \/><\/strong><\/h2>\n<h2 style=\"text-align: center;\" data-start=\"200\" data-end=\"328\"><span style=\"color: #800000;\">COSTARICA HTPR TOURNON<\/span><\/h2>\n<h4 style=\"text-align: center;\" data-start=\"200\" data-end=\"328\">Caff\u00e8 dal gusto dolce e dall\u2019aroma delicato, con una buona acidit\u00e0 e un corpo pieno ed equilibrato.<\/h4>\n<p data-start=\"330\" data-end=\"484\" data-is-last-node=\"\" data-is-only-node=\"\"><strong data-start=\"330\" data-end=\"373\"><img decoding=\"async\" class=\"size-medium wp-image-93124 aligncenter\" src=\"https:\/\/k16trade.ch\/wp-content\/uploads\/2021\/04\/chicchi-1-1-300x123.jpg\" alt=\"\" width=\"300\" height=\"123\" srcset=\"https:\/\/k16trade.ch\/wp-content\/uploads\/2021\/04\/chicchi-1-1-300x123.jpg 300w, https:\/\/k16trade.ch\/wp-content\/uploads\/2021\/04\/chicchi-1-1-350x144.jpg 350w, https:\/\/k16trade.ch\/wp-content\/uploads\/2021\/04\/chicchi-1-1.jpg 562w\" sizes=\"(max-width: 300px) 100vw, 300px\" \/><\/strong><\/p>\n<h2 style=\"text-align: center;\" data-start=\"330\" data-end=\"484\"><span style=\"color: #800000;\">COSTARICA SHB FANCY LAS TROJAS SUPERIOR<\/span><\/h2>\n<h4 style=\"text-align: center;\" data-start=\"330\" data-end=\"484\">Caff\u00e8 dal gusto spiccatamente dolce, con aroma delicato e raffinato, e una piacevole acidit\u00e0 ben bilanciata.<\/h4>\n<p><img decoding=\"async\" class=\"size-medium wp-image-93124 aligncenter\" src=\"https:\/\/k16trade.ch\/wp-content\/uploads\/2021\/04\/chicchi-1-1-300x123.jpg\" alt=\"\" width=\"300\" height=\"123\" srcset=\"https:\/\/k16trade.ch\/wp-content\/uploads\/2021\/04\/chicchi-1-1-300x123.jpg 300w, https:\/\/k16trade.ch\/wp-content\/uploads\/2021\/04\/chicchi-1-1-350x144.jpg 350w, https:\/\/k16trade.ch\/wp-content\/uploads\/2021\/04\/chicchi-1-1.jpg 562w\" sizes=\"(max-width: 300px) 100vw, 300px\" \/>[\/vc_column_text][\/vc_column][\/vc_row][vc_row][vc_column width=&#8221;1\/1&#8243;][vc_custom_heading uncode_shortcode_id=&#8221;154226&#8243;]<\/p>\n<h2><span style=\"color: #008000;\">Richiedi quotazione per caff\u00e8 verde<\/span><\/h2>\n<p>[\/vc_custom_heading][\/vc_column][\/vc_row][vc_row][vc_column width=&#8221;1\/1&#8243;]\n<div class=\"wpcf7 no-js\" id=\"wpcf7-f93164-o1\" lang=\"it-IT\" dir=\"ltr\" data-wpcf7-id=\"93164\">\n<div class=\"screen-reader-response\"><p role=\"status\" aria-live=\"polite\" aria-atomic=\"true\"><\/p> <ul><\/ul><\/div>\n<form action=\"\/it\/wp-json\/wp\/v2\/portfolio\/83614#wpcf7-f93164-o1\" method=\"post\" class=\"wpcf7-form init\" aria-label=\"Modulo di contatto\" novalidate=\"novalidate\" data-status=\"init\">\n<fieldset class=\"hidden-fields-container\"><input type=\"hidden\" name=\"_wpcf7\" value=\"93164\" \/><input type=\"hidden\" name=\"_wpcf7_version\" value=\"6.1.5\" \/><input type=\"hidden\" name=\"_wpcf7_locale\" value=\"it_IT\" \/><input type=\"hidden\" name=\"_wpcf7_unit_tag\" value=\"wpcf7-f93164-o1\" \/><input type=\"hidden\" name=\"_wpcf7_container_post\" value=\"0\" \/><input type=\"hidden\" name=\"_wpcf7_posted_data_hash\" value=\"\" \/>\n<\/fieldset>\n<p><span id=\"wpcf7-69ee9ef75d799-wrapper\" class=\"wpcf7-form-control-wrap honeypot-409-wrap\" style=\"display:none !important; visibility:hidden !important;\"><label for=\"wpcf7-69ee9ef75d799-field\" class=\"hp-message\">Si prega di lasciare vuoto questo campo.<\/label><input id=\"wpcf7-69ee9ef75d799-field\"  class=\"wpcf7-form-control wpcf7-text\" type=\"text\" name=\"honeypot-409\" value=\"\" size=\"40\" tabindex=\"-1\" autocomplete=\"new-password\" \/><\/span>\n<\/p>\n<p><span class=\"wpcf7-form-control-wrap\" data-name=\"your-fullname\"><input size=\"40\" maxlength=\"400\" class=\"wpcf7-form-control wpcf7-text wpcf7-validates-as-required form-fluid form-xl\" aria-required=\"true\" aria-invalid=\"false\" placeholder=\"Persona di contatto \/ Nome azienda\" value=\"\" type=\"text\" name=\"your-fullname\" \/><\/span>\n<\/p>\n<div class=\"wpcf7-inline-wrapper\">\n\t<p class=\"wpcf7-inline-field\"><span class=\"wpcf7-form-control-wrap\" data-name=\"your-email\"><input size=\"40\" maxlength=\"400\" class=\"wpcf7-form-control wpcf7-email wpcf7-validates-as-required wpcf7-text wpcf7-validates-as-email form-xl\" aria-required=\"true\" aria-invalid=\"false\" placeholder=\"Email aziendale\" value=\"\" type=\"email\" name=\"your-email\" \/><\/span>\n\t<\/p>\n\t<p class=\"wpcf7-inline-field\"><span class=\"wpcf7-form-control-wrap\" data-name=\"your-telephone\"><input size=\"40\" maxlength=\"400\" class=\"wpcf7-form-control wpcf7-text wpcf7-validates-as-required form-fluid form-xl\" aria-required=\"true\" aria-invalid=\"false\" placeholder=\"Telefono \/ Linea diretta\" value=\"\" type=\"text\" name=\"your-telephone\" \/><\/span>\n\t<\/p>\n<\/div>\n<p><span class=\"wpcf7-form-control-wrap\" data-name=\"your-company\"><input size=\"40\" maxlength=\"400\" class=\"wpcf7-form-control wpcf7-text form-xl\" aria-invalid=\"false\" placeholder=\"Azienda \/ Torrefazione\" value=\"\" type=\"text\" name=\"your-company\" \/><\/span>\n<\/p>\n<div class=\"wpcf7-inline-wrapper\">\n\t<p class=\"wpcf7-inline-field\"><span class=\"wpcf7-form-control-wrap\" data-name=\"your-origin\"><input size=\"40\" maxlength=\"400\" class=\"wpcf7-form-control wpcf7-text form-xl\" aria-invalid=\"false\" placeholder=\"Origine caff\u00e8 (es. Vietnam, Brasile, Etiopia)\" value=\"\" type=\"text\" name=\"your-origin\" \/><\/span>\n\t<\/p>\n\t<p class=\"wpcf7-inline-field\"><span class=\"wpcf7-form-control-wrap\" data-name=\"your-volume\"><input size=\"40\" maxlength=\"400\" class=\"wpcf7-form-control wpcf7-text form-fluid form-xl\" aria-invalid=\"false\" placeholder=\"Volume stimato (kg \/ mese)\" value=\"\" type=\"text\" name=\"your-volume\" \/><\/span>\n\t<\/p>\n<\/div>\n<p><span class=\"wpcf7-form-control-wrap\" data-name=\"your-message\"><textarea cols=\"40\" rows=\"8\" maxlength=\"2000\" class=\"wpcf7-form-control wpcf7-textarea form-xl\" aria-invalid=\"false\" placeholder=\"Specifica qualit\u00e0, crivello, processo (Naturale \/ WP), porto di destinazione o esigenze di miscela...\" name=\"your-message\"><\/textarea><\/span>\n<\/p>\n<hr \/>\n<p class=\"form-note\"> \u2714 Fornitura diretta di caff\u00e8 verde \u2714 Lotti di qualit\u00e0 export \u2714 Risposta rapida entro 24 ore\n<\/p>\n<p class=\"form-privacy\"><span class=\"wpcf7-form-control-wrap\" data-name=\"acceptance-666\"><span class=\"wpcf7-form-control wpcf7-acceptance\"><span class=\"wpcf7-list-item\"><label><input type=\"checkbox\" name=\"acceptance-666\" value=\"1\" aria-invalid=\"false\" \/><span class=\"wpcf7-list-item-label\">Confermo di aver letto e accettato la Privacy Policy e acconsento ad essere contattato in merito alla mia richiesta.<\/span><\/label><\/span><\/span><\/span>\n<\/p>\n<hr \/>\n<p><input class=\"wpcf7-form-control wpcf7-submit has-spinner btn form-xl btn-accent btn-fluid\" type=\"submit\" value=\"RICHIEDI OFFERTA\" \/>\n<\/p><div class=\"wpcf7-response-output\" aria-hidden=\"true\"><\/div>\n<\/form>\n<\/div>\n[\/vc_column][\/vc_row][vc_row][vc_column width=&#8221;1\/1&#8243;][\/vc_column][\/vc_row]<\/p>\n<\/div>","protected":false},"excerpt":{"rendered":"<p>La coltivazione del caff\u00e8 in Costa Rica \u00e8 la prima di tutte.<br \/>\nIn questo paese il caff\u00e8 \u00e8 stato coltivato fin dall&#8217;inizio del 1800 grazie agli spagnoli che hanno importato questa coltura nello stato centroamericano.<br \/>\nCon altezze elevate, terreno vulcanico fertile, temperature calde, precipitazioni costanti e clima tropicale, la Costa Rica \u00e8 posizionata in modo unico per produrre chicchi di caff\u00e8 superiori con aromi e sapori raffinati.<br \/>\nIl Costa Rica \u00e8 l&#8217;unico paese al mondo in cui \u00e8 illegale produrre meno del 100% di Arabica.<\/p>\n","protected":false},"author":2,"featured_media":83120,"parent":0,"menu_order":0,"comment_status":"closed","ping_status":"closed","template":"","meta":{"_uag_custom_page_level_css":"","footnotes":""},"portfolio_category":[51],"class_list":["post-83614","portfolio","type-portfolio","status-publish","has-post-thumbnail","hentry","portfolio_category-tipo-di-caffe-grezzo"],"uagb_featured_image_src":{"full":["https:\/\/k16trade.ch\/wp-content\/uploads\/2021\/05\/kaffee-Costarica.jpg",1920,1285,false],"thumbnail":["https:\/\/k16trade.ch\/wp-content\/uploads\/2021\/05\/kaffee-Costarica-150x150.jpg",150,150,true],"medium":["https:\/\/k16trade.ch\/wp-content\/uploads\/2021\/05\/kaffee-Costarica-300x201.jpg",300,201,true],"medium_large":["https:\/\/k16trade.ch\/wp-content\/uploads\/2021\/05\/kaffee-Costarica-768x514.jpg",768,514,true],"large":["https:\/\/k16trade.ch\/wp-content\/uploads\/2021\/05\/kaffee-Costarica-1024x685.jpg",840,562,true],"1536x1536":["https:\/\/k16trade.ch\/wp-content\/uploads\/2021\/05\/kaffee-Costarica-1536x1028.jpg",1536,1028,true],"2048x2048":["https:\/\/k16trade.ch\/wp-content\/uploads\/2021\/05\/kaffee-Costarica.jpg",1920,1285,false],"uncode_woocommerce_nav_thumbnail_regular":["https:\/\/k16trade.ch\/wp-content\/uploads\/2021\/05\/kaffee-Costarica.jpg",350,234,false],"uncode_woocommerce_nav_thumbnail_crop":["https:\/\/k16trade.ch\/wp-content\/uploads\/2021\/05\/kaffee-Costarica.jpg",348,233,false],"woocommerce_thumbnail":["https:\/\/k16trade.ch\/wp-content\/uploads\/2021\/05\/kaffee-Costarica-300x300.jpg",300,300,true],"woocommerce_single":["https:\/\/k16trade.ch\/wp-content\/uploads\/2021\/05\/kaffee-Costarica-600x402.jpg",600,402,true],"woocommerce_gallery_thumbnail":["https:\/\/k16trade.ch\/wp-content\/uploads\/2021\/05\/kaffee-Costarica-100x100.jpg",100,100,true]},"uagb_author_info":{"display_name":"Christina","author_link":"https:\/\/k16trade.ch\/it\/author\/chris-bodrato\/"},"uagb_comment_info":0,"uagb_excerpt":"La coltivazione del caff\u00e8 in Costa Rica \u00e8 la prima di tutte. In questo paese il caff\u00e8 \u00e8 stato coltivato fin dall'inizio del 1800 grazie agli spagnoli che hanno importato questa coltura nello stato centroamericano. Con altezze elevate, terreno vulcanico fertile, temperature calde, precipitazioni costanti e clima tropicale, la Costa Rica \u00e8 posizionata in modo&hellip;","_links":{"self":[{"href":"https:\/\/k16trade.ch\/it\/wp-json\/wp\/v2\/portfolio\/83614","targetHints":{"allow":["GET"]}}],"collection":[{"href":"https:\/\/k16trade.ch\/it\/wp-json\/wp\/v2\/portfolio"}],"about":[{"href":"https:\/\/k16trade.ch\/it\/wp-json\/wp\/v2\/types\/portfolio"}],"author":[{"embeddable":true,"href":"https:\/\/k16trade.ch\/it\/wp-json\/wp\/v2\/users\/2"}],"replies":[{"embeddable":true,"href":"https:\/\/k16trade.ch\/it\/wp-json\/wp\/v2\/comments?post=83614"}],"version-history":[{"count":5,"href":"https:\/\/k16trade.ch\/it\/wp-json\/wp\/v2\/portfolio\/83614\/revisions"}],"predecessor-version":[{"id":93197,"href":"https:\/\/k16trade.ch\/it\/wp-json\/wp\/v2\/portfolio\/83614\/revisions\/93197"}],"wp:featuredmedia":[{"embeddable":true,"href":"https:\/\/k16trade.ch\/it\/wp-json\/wp\/v2\/media\/83120"}],"wp:attachment":[{"href":"https:\/\/k16trade.ch\/it\/wp-json\/wp\/v2\/media?parent=83614"}],"wp:term":[{"taxonomy":"portfolio_category","embeddable":true,"href":"https:\/\/k16trade.ch\/it\/wp-json\/wp\/v2\/portfolio_category?post=83614"}],"curies":[{"name":"wp","href":"https:\/\/api.w.org\/{rel}","templated":true}]}}